{"id":2374,"date":"2018-07-09T22:42:27","date_gmt":"2018-07-09T20:42:27","guid":{"rendered":"https:\/\/apartamentossabora.com\/?page_id=2374"},"modified":"2018-07-26T11:02:50","modified_gmt":"2018-07-26T09:02:50","slug":"lage","status":"publish","type":"page","link":"https:\/\/apartamentossabora.com\/de\/lage\/","title":{"rendered":"Wo wir sind | Lage von Apartamentos S\u00e1bora"},"content":{"rendered":"<p><div class=\"fusion-fullwidth fullwidth-box fusion-builder-row-1 nonhundred-percent-fullwidth non-hundred-percent-height-scrolling\" style=\"--awb-background-position:left top;--awb-border-radius-top-left:0px;--awb-border-radius-top-right:0px;--awb-border-radius-bottom-right:0px;--awb-border-radius-bottom-left:0px;--awb-padding-top:0px;--awb-padding-bottom:75px;--awb-border-sizes-top:0px;--awb-border-sizes-bottom:0px;--awb-flex-wrap:wrap;\" ><div class=\"fusion-builder-row fusion-row\"><div class=\"fusion-layout-column fusion_builder_column fusion-builder-column-0 fusion_builder_column_1_2 1_2 fusion-one-half fusion-column-first\" style=\"--awb-bg-size:cover;width:48%; margin-right: 4%;\"><div class=\"fusion-column-wrapper fusion-flex-column-wrapper-legacy\"><div class=\"fusion-text fusion-text-1\"><p style=\"letter-spacing: 4px; font-size: 13px; margin-bottom: 0px; text-align: left;\">WO WIR SIND<\/p>\n<h1><\/h1>\n<h1 style=\"text-align: left;\">Lage von Apartamentos S\u00e1bora.<\/h1>\n<p>Tempor\u00e4re Vermietung im Zentrum von Ronda, Malaga.<\/p>\n<\/div><div class=\"fusion-clearfix\"><\/div><\/div><\/div><div class=\"fusion-layout-column fusion_builder_column fusion-builder-column-1 fusion_builder_column_1_2 1_2 fusion-one-half fusion-column-last\" style=\"--awb-padding-top:40px;--awb-padding-right:40px;--awb-padding-bottom:40px;--awb-padding-left:40px;--awb-bg-color:#ffffff;--awb-bg-color-hover:#ffffff;--awb-bg-size:cover;--awb-border-color:#ebeef1;--awb-border-top:1px;--awb-border-right:1px;--awb-border-bottom:1px;--awb-border-left:1px;--awb-border-style:solid;width:48%;\"><div class=\"fusion-column-wrapper fusion-flex-column-wrapper-legacy\"><div class=\"fusion-image-element in-legacy-container\" style=\"--awb-liftup-border-radius:0px;--awb-caption-title-font-family:var(--h2_typography-font-family);--awb-caption-title-font-weight:var(--h2_typography-font-weight);--awb-caption-title-font-style:var(--h2_typography-font-style);--awb-caption-title-size:var(--h2_typography-font-size);--awb-caption-title-transform:var(--h2_typography-text-transform);--awb-caption-title-line-height:var(--h2_typography-line-height);--awb-caption-title-letter-spacing:var(--h2_typography-letter-spacing);\"><div class=\"awb-image-frame awb-image-frame-1 imageframe-liftup\"><span class=\" fusion-imageframe imageframe-dropshadow imageframe-1\" style=\"border:13px solid #ffffff;-webkit-box-shadow: 3px 3px 7px rgba(0,0,0,0.3);box-shadow: 3px 3px 7px rgba(0,0,0,0.3);\"><a href=\"https:\/\/apartamentossabora.com\/wp-content\/uploads\/2018\/06\/fachada-apartamentos-sabora-ronda-donde-estamos-768x1024.jpg\" class=\"fusion-lightbox\" data-rel=\"iLightbox[fe6aa913a40bd7b3010]\" data-title=\"Fassade Apartamentos S\u00e1bora. Wo wir sind in Ronda\" title=\"Fassade Apartamentos S\u00e1bora. Wo wir sind in Ronda\"><img decoding=\"async\" width=\"1200\" height=\"1600\" alt=\"Fassade Apartamentos S\u00e1bora. Wo wir sind in Ronda, Malaga\" src=\"https:\/\/apartamentossabora.com\/wp-content\/uploads\/2018\/06\/fachada-apartamentos-sabora-ronda-donde-estamos.jpg\" class=\"img-responsive wp-image-2261\" srcset=\"https:\/\/apartamentossabora.com\/wp-content\/uploads\/2018\/06\/fachada-apartamentos-sabora-ronda-donde-estamos-200x267.jpg 200w, https:\/\/apartamentossabora.com\/wp-content\/uploads\/2018\/06\/fachada-apartamentos-sabora-ronda-donde-estamos-400x533.jpg 400w, https:\/\/apartamentossabora.com\/wp-content\/uploads\/2018\/06\/fachada-apartamentos-sabora-ronda-donde-estamos-600x800.jpg 600w, https:\/\/apartamentossabora.com\/wp-content\/uploads\/2018\/06\/fachada-apartamentos-sabora-ronda-donde-estamos-800x1067.jpg 800w, https:\/\/apartamentossabora.com\/wp-content\/uploads\/2018\/06\/fachada-apartamentos-sabora-ronda-donde-estamos.jpg 1200w\" sizes=\"(max-width: 1105px) 100vw, 600px\" \/><\/a><\/span><\/div><\/div><div class=\"fusion-clearfix\"><\/div><\/div><\/div><\/div><\/div><div class=\"fusion-fullwidth fullwidth-box fusion-builder-row-2 nonhundred-percent-fullwidth non-hundred-percent-height-scrolling\" style=\"--awb-background-position:left top;--awb-border-radius-top-left:0px;--awb-border-radius-top-right:0px;--awb-border-radius-bottom-right:0px;--awb-border-radius-bottom-left:0px;--awb-padding-top:0px;--awb-padding-bottom:55px;--awb-background-color:#f4f6f8;--awb-border-sizes-top:0px;--awb-border-sizes-bottom:0px;--awb-flex-wrap:wrap;\" ><div class=\"fusion-builder-row fusion-row\"><div class=\"fusion-layout-column fusion_builder_column fusion-builder-column-2 fusion_builder_column_1_1 1_1 fusion-one-full fusion-column-first fusion-column-last fusion-column-no-min-height\" style=\"--awb-bg-size:cover;--awb-margin-bottom:0px;\"><div class=\"fusion-column-wrapper fusion-flex-column-wrapper-legacy\"><div class=\"fusion-text fusion-text-2\"><h2><strong>Die Ferienwohnungen befinden sich im historischen Zentrum an einer leicht zug\u00e4nglichen Fu\u00dfg\u00e4ngerzone. Privatparkpl\u00e4tze gibt es in der Umgebung.<\/strong><\/h2>\n<ul>\n<li>Nachts sehr ruhig.<\/li>\n<li>Umgeben von allen Dienstleistungen.<\/li>\n<li>Gesch\u00e4fte, Freizeiteinrichtungen, Tapas-Bars und Restaurants in der N\u00e4he.<\/li>\n<\/ul>\n<\/div><div class=\"fusion-sep-clear\"><\/div><div class=\"fusion-separator\" style=\"margin-left: auto;margin-right: auto;margin-top:30px;margin-bottom:50px;width:100%;max-width:80%;\"><div class=\"fusion-separator-border sep-single sep-dotted\" style=\"--awb-height:20px;--awb-amount:20px;--awb-sep-color:#cbaa5c;border-color:#cbaa5c;border-top-width:1px;\"><\/div><\/div><div class=\"fusion-sep-clear\"><\/div><div class=\"fusion-clearfix\"><\/div><\/div><\/div><div class=\"fusion-layout-column fusion_builder_column fusion-builder-column-3 fusion_builder_column_1_1 1_1 fusion-one-full fusion-column-first fusion-column-last fusion-column-no-min-height\" style=\"--awb-bg-size:cover;--awb-margin-bottom:0px;\"><div class=\"fusion-column-wrapper fusion-flex-column-wrapper-legacy\">\t\t\t\t\t<script type=\"text\/javascript\">\n\t\t\t\t\t\tvar map_fusion_map_69f2f755a045b;\n\t\t\t\t\t\tvar markers = [];\n\t\t\t\t\t\tvar counter = 0;\n\t\t\t\t\t\t\t\t\t\t\t\t\t\t\t\t\t\t\t\tvar fusionMapNonce = 'decbf88a4c';\n\t\t\t\t\t\t\t\t\t\t\t\tfunction fusion_run_map_fusion_map_69f2f755a045b() {\n\t\t\t\t\t\t\tjQuery ('#fusion_map_69f2f755a045b' ).fusion_maps( {\n\t\t\t\t\t\t\t\taddresses: [{\"address\":\"Carrera Espinel, 56, 29400 Ronda, Espa\\u00f1a\",\"infobox_content\":\"Carrera Espinel, 56, 29400 Ronda, Espa\\u00f1a\",\"coordinates\":false,\"cache\":true,\"latitude\":\"36.7437413\",\"longitude\":\"-5.163515800000027\"}],\n\t\t\t\t\t\t\t\tanimations: true,\n\t\t\t\t\t\t\t\tinfobox_background_color: '',\n\t\t\t\t\t\t\t\tinfobox_styling: 'default',\n\t\t\t\t\t\t\t\tinfobox_text_color: '',\n\t\t\t\t\t\t\t\tmap_style: 'default',\n\t\t\t\t\t\t\t\tmap_type: 'roadmap',\n\t\t\t\t\t\t\t\tmarker_icon: '',\n\t\t\t\t\t\t\t\toverlay_color: '',\n\t\t\t\t\t\t\t\toverlay_color_hsl: {\"hue\":0,\"sat\":0,\"lum\":100},\n\t\t\t\t\t\t\t\tshow_address: true,\n\t\t\t\t\t\t\t\tscale_control: true,\n\t\t\t\t\t\t\t\tscrollwheel: true,\n\t\t\t\t\t\t\t\tzoom: 16,\n\t\t\t\t\t\t\t\tzoom_control: true,\n\t\t\t\t\t\t\t} );\n\t\t\t\t\t\t}\n\n\t\t\t\t\t\tgoogle.maps.event.addDomListener(window, 'load', fusion_run_map_fusion_map_69f2f755a045b);\n\t\t\t\t\t<\/script>\n\t\t\t\t\t<div class=\"shortcode-map fusion-google-map fusion-maps-js-type\" id=\"fusion_map_69f2f755a045b\"><\/div><div class=\"fusion-clearfix\"><\/div><\/div><\/div><\/div><\/div><div class=\"fusion-fullwidth fullwidth-box fusion-builder-row-3 nonhundred-percent-fullwidth non-hundred-percent-height-scrolling\" style=\"--awb-border-radius-top-left:0px;--awb-border-radius-top-right:0px;--awb-border-radius-bottom-right:0px;--awb-border-radius-bottom-left:0px;--awb-flex-wrap:wrap;\" ><div class=\"fusion-builder-row fusion-row\"><div class=\"fusion-layout-column fusion_builder_column fusion-builder-column-4 fusion_builder_column_1_1 1_1 fusion-one-full fusion-column-first fusion-column-last\" style=\"--awb-bg-size:cover;\"><div class=\"fusion-column-wrapper fusion-flex-column-wrapper-legacy\"><div class=\"fusion-text fusion-text-3\"><h4 style=\"text-align: center;\">Mehr Information von\u00a0<span style=\"text-decoration: underline;\"><strong><a href=\"http:\/\/www.turismoderonda.es\/de\/\" target=\"_blank\" rel=\"noopener\">Ronda Tourismus. <\/a><\/strong><\/span><\/h4>\n<\/div><div class=\"fusion-clearfix\"><\/div><\/div><\/div><\/div><\/div><div class=\"fusion-fullwidth fullwidth-box fusion-builder-row-4 nonhundred-percent-fullwidth non-hundred-percent-height-scrolling\" style=\"--awb-border-radius-top-left:0px;--awb-border-radius-top-right:0px;--awb-border-radius-bottom-right:0px;--awb-border-radius-bottom-left:0px;--awb-flex-wrap:wrap;\" ><div class=\"fusion-builder-row fusion-row\"><div class=\"fusion-layout-column fusion_builder_column fusion-builder-column-5 fusion_builder_column_1_1 1_1 fusion-one-full fusion-column-first fusion-column-last\" style=\"--awb-bg-size:cover;\"><div class=\"fusion-column-wrapper fusion-flex-column-wrapper-legacy\"><div class=\"fusion-sep-clear\"><\/div><div class=\"fusion-separator fusion-full-width-sep\" style=\"margin-left: auto;margin-right: auto;margin-top:25px;margin-bottom:35px;width:100%;\"><div class=\"fusion-separator-border sep-single sep-solid\" style=\"--awb-height:20px;--awb-amount:20px;--awb-sep-color:#cbaa5c;border-color:#cbaa5c;border-top-width:2px;\"><\/div><\/div><div class=\"fusion-sep-clear\"><\/div><div class=\"fusion-text fusion-text-4\"><p style=\"text-align: center;\"><strong>Wenn du Interesse hast, eines der Appartements zu buchen<\/strong>, kontaktiere uns bitte.<\/p>\n<\/div><div class=\"fusion-aligncenter\"><a class=\"fusion-button button-flat fusion-button-default-size button-default fusion-button-default button-1 fusion-button-default-span fusion-button-default-type\" style=\"--button-border-radius-top-left:0px;--button-border-radius-top-right:0px;--button-border-radius-bottom-right:0px;--button-border-radius-bottom-left:0px;\" target=\"_self\" href=\"https:\/\/apartamentossabora.com\/de\/kontakt\/\"><span class=\"fusion-button-text awb-button__text awb-button__text--default\">Kontakt<\/span><\/a><\/div><div class=\"fusion-sep-clear\"><\/div><div class=\"fusion-separator fusion-full-width-sep\" style=\"margin-left: auto;margin-right: auto;margin-top:35px;margin-bottom:25px;width:100%;\"><div class=\"fusion-separator-border sep-single sep-solid\" style=\"--awb-height:20px;--awb-amount:20px;--awb-sep-color:#cbaa5c;border-color:#cbaa5c;border-top-width:1px;\"><\/div><\/div><div class=\"fusion-sep-clear\"><\/div><div class=\"fusion-clearfix\"><\/div><\/div><\/div><\/div><\/div><\/p>\n","protected":false},"excerpt":{"rendered":"","protected":false},"author":1,"featured_media":0,"parent":0,"menu_order":0,"comment_status":"closed","ping_status":"closed","template":"100-width.php","meta":{"footnotes":""},"class_list":["post-2374","page","type-page","status-publish","hentry"],"yoast_head":"<!-- This site is optimized with the Yoast SEO plugin v26.5 - https:\/\/yoast.com\/wordpress\/plugins\/seo\/ -->\n<title>Wo wir sind | Lage von Apartamentos S\u00e1bora - Apartamentos S\u00e1bora, Ronda M\u00e1laga<\/title>\n<meta name=\"robots\" content=\"index, follow, max-snippet:-1, max-image-preview:large, max-video-preview:-1\" \/>\n<link rel=\"canonical\" href=\"https:\/\/apartamentossabora.com\/de\/lage\/\" \/>\n<meta property=\"og:locale\" content=\"de_DE\" \/>\n<meta property=\"og:type\" content=\"article\" \/>\n<meta property=\"og:title\" content=\"Wo wir sind | Lage von Apartamentos S\u00e1bora - Apartamentos S\u00e1bora, Ronda M\u00e1laga\" \/>\n<meta property=\"og:url\" content=\"https:\/\/apartamentossabora.com\/de\/lage\/\" \/>\n<meta property=\"og:site_name\" content=\"Apartamentos S\u00e1bora, Ronda M\u00e1laga\" \/>\n<meta property=\"article:modified_time\" content=\"2018-07-26T09:02:50+00:00\" \/>\n<meta name=\"twitter:card\" content=\"summary_large_image\" \/>\n<meta name=\"twitter:label1\" content=\"Gesch\u00e4tzte Lesezeit\" \/>\n\t<meta name=\"twitter:data1\" content=\"6\u00a0Minuten\" \/>\n<script type=\"application\/ld+json\" class=\"yoast-schema-graph\">{\"@context\":\"https:\/\/schema.org\",\"@graph\":[{\"@type\":\"WebPage\",\"@id\":\"https:\/\/apartamentossabora.com\/de\/lage\/\",\"url\":\"https:\/\/apartamentossabora.com\/de\/lage\/\",\"name\":\"Wo wir sind | Lage von Apartamentos S\u00e1bora - Apartamentos S\u00e1bora, Ronda M\u00e1laga\",\"isPartOf\":{\"@id\":\"https:\/\/apartamentossabora.com\/#website\"},\"datePublished\":\"2018-07-09T20:42:27+00:00\",\"dateModified\":\"2018-07-26T09:02:50+00:00\",\"breadcrumb\":{\"@id\":\"https:\/\/apartamentossabora.com\/de\/lage\/#breadcrumb\"},\"inLanguage\":\"de\",\"potentialAction\":[{\"@type\":\"ReadAction\",\"target\":[\"https:\/\/apartamentossabora.com\/de\/lage\/\"]}]},{\"@type\":\"BreadcrumbList\",\"@id\":\"https:\/\/apartamentossabora.com\/de\/lage\/#breadcrumb\",\"itemListElement\":[{\"@type\":\"ListItem\",\"position\":1,\"name\":\"Portada\",\"item\":\"https:\/\/apartamentossabora.com\/de\/\"},{\"@type\":\"ListItem\",\"position\":2,\"name\":\"Wo wir sind | Lage von Apartamentos S\u00e1bora\"}]},{\"@type\":\"WebSite\",\"@id\":\"https:\/\/apartamentossabora.com\/#website\",\"url\":\"https:\/\/apartamentossabora.com\/\",\"name\":\"Apartamentos S\u00e1bora, Ronda M\u00e1laga\",\"description\":\"Alquiler tur\u00edstico de apartamentos en Andaluc\u00eda, Espa\u00f1a\",\"potentialAction\":[{\"@type\":\"SearchAction\",\"target\":{\"@type\":\"EntryPoint\",\"urlTemplate\":\"https:\/\/apartamentossabora.com\/?s={search_term_string}\"},\"query-input\":{\"@type\":\"PropertyValueSpecification\",\"valueRequired\":true,\"valueName\":\"search_term_string\"}}],\"inLanguage\":\"de\"}]}<\/script>\n<!-- \/ Yoast SEO plugin. -->","yoast_head_json":{"title":"Wo wir sind | Lage von Apartamentos S\u00e1bora - Apartamentos S\u00e1bora, Ronda M\u00e1laga","robots":{"index":"index","follow":"follow","max-snippet":"max-snippet:-1","max-image-preview":"max-image-preview:large","max-video-preview":"max-video-preview:-1"},"canonical":"https:\/\/apartamentossabora.com\/de\/lage\/","og_locale":"de_DE","og_type":"article","og_title":"Wo wir sind | Lage von Apartamentos S\u00e1bora - Apartamentos S\u00e1bora, Ronda M\u00e1laga","og_url":"https:\/\/apartamentossabora.com\/de\/lage\/","og_site_name":"Apartamentos S\u00e1bora, Ronda M\u00e1laga","article_modified_time":"2018-07-26T09:02:50+00:00","twitter_card":"summary_large_image","twitter_misc":{"Gesch\u00e4tzte Lesezeit":"6\u00a0Minuten"},"schema":{"@context":"https:\/\/schema.org","@graph":[{"@type":"WebPage","@id":"https:\/\/apartamentossabora.com\/de\/lage\/","url":"https:\/\/apartamentossabora.com\/de\/lage\/","name":"Wo wir sind | Lage von Apartamentos S\u00e1bora - Apartamentos S\u00e1bora, Ronda M\u00e1laga","isPartOf":{"@id":"https:\/\/apartamentossabora.com\/#website"},"datePublished":"2018-07-09T20:42:27+00:00","dateModified":"2018-07-26T09:02:50+00:00","breadcrumb":{"@id":"https:\/\/apartamentossabora.com\/de\/lage\/#breadcrumb"},"inLanguage":"de","potentialAction":[{"@type":"ReadAction","target":["https:\/\/apartamentossabora.com\/de\/lage\/"]}]},{"@type":"BreadcrumbList","@id":"https:\/\/apartamentossabora.com\/de\/lage\/#breadcrumb","itemListElement":[{"@type":"ListItem","position":1,"name":"Portada","item":"https:\/\/apartamentossabora.com\/de\/"},{"@type":"ListItem","position":2,"name":"Wo wir sind | Lage von Apartamentos S\u00e1bora"}]},{"@type":"WebSite","@id":"https:\/\/apartamentossabora.com\/#website","url":"https:\/\/apartamentossabora.com\/","name":"Apartamentos S\u00e1bora, Ronda M\u00e1laga","description":"Alquiler tur\u00edstico de apartamentos en Andaluc\u00eda, Espa\u00f1a","potentialAction":[{"@type":"SearchAction","target":{"@type":"EntryPoint","urlTemplate":"https:\/\/apartamentossabora.com\/?s={search_term_string}"},"query-input":{"@type":"PropertyValueSpecification","valueRequired":true,"valueName":"search_term_string"}}],"inLanguage":"de"}]}},"_links":{"self":[{"href":"https:\/\/apartamentossabora.com\/de\/wp-json\/wp\/v2\/pages\/2374","targetHints":{"allow":["GET"]}}],"collection":[{"href":"https:\/\/apartamentossabora.com\/de\/wp-json\/wp\/v2\/pages"}],"about":[{"href":"https:\/\/apartamentossabora.com\/de\/wp-json\/wp\/v2\/types\/page"}],"author":[{"embeddable":true,"href":"https:\/\/apartamentossabora.com\/de\/wp-json\/wp\/v2\/users\/1"}],"replies":[{"embeddable":true,"href":"https:\/\/apartamentossabora.com\/de\/wp-json\/wp\/v2\/comments?post=2374"}],"version-history":[{"count":27,"href":"https:\/\/apartamentossabora.com\/de\/wp-json\/wp\/v2\/pages\/2374\/revisions"}],"predecessor-version":[{"id":2760,"href":"https:\/\/apartamentossabora.com\/de\/wp-json\/wp\/v2\/pages\/2374\/revisions\/2760"}],"wp:attachment":[{"href":"https:\/\/apartamentossabora.com\/de\/wp-json\/wp\/v2\/media?parent=2374"}],"curies":[{"name":"wp","href":"https:\/\/api.w.org\/{rel}","templated":true}]}}